{"id":6881,"date":"2023-10-23T10:28:59","date_gmt":"2023-10-23T08:28:59","guid":{"rendered":"https:\/\/www.klumpp.com\/durabilite\/"},"modified":"2025-06-17T09:35:01","modified_gmt":"2025-06-17T07:35:01","slug":"durabilite","status":"publish","type":"page","link":"https:\/\/www.klumpp.com\/fr\/durabilite\/","title":{"rendered":"Durabilit\u00e9"},"content":{"rendered":"<p>[et_pb_section fb_built=&#8221;1&#8243; module_id=&#8221;page-hero&#8221; _builder_version=&#8221;4.23&#8243; _module_preset=&#8221;default&#8221; use_background_color_gradient=&#8221;on&#8221; background_color_gradient_stops=&#8221;rgba(0,0,0,0.2) 0%|rgba(0,0,0,0.2) 100%&#8221; background_color_gradient_overlays_image=&#8221;on&#8221; background_image=&#8221;https:\/\/klumpp-19a5a.kxcdn.com\/wp-content\/uploads\/2023\/10\/kopfmedia_klumpp-mueller_nachhaltigkeit_zero_emission-1-min.jpg&#8221; height=&#8221;750px&#8221; max_height=&#8221;90vh&#8221; custom_margin=&#8221;0px||0px||false|false&#8221; custom_padding=&#8221;0px||0px||false|false&#8221; global_colors_info=&#8221;{}&#8221;][et_pb_row column_structure=&#8221;2_5,3_5&#8243; _builder_version=&#8221;4.19.2&#8243; _module_preset=&#8221;default&#8221; width=&#8221;90%&#8221; max_width=&#8221;2000px&#8221; custom_margin=&#8221;|auto|100px|auto||&#8221; global_colors_info=&#8221;{}&#8221; max_width__hover_enabled=&#8221;on|desktop&#8221; max_width__hover=&#8221;2000px&#8221;][et_pb_column type=&#8221;2_5&#8243; _builder_version=&#8221;4.19.2&#8243; _module_preset=&#8221;default&#8221; global_colors_info=&#8221;{}&#8221;][et_pb_code _builder_version=&#8221;4.19.2&#8243; _module_preset=&#8221;default&#8221; global_colors_info=&#8221;{}&#8221;][\/et_pb_code][et_pb_text _builder_version=&#8221;4.23&#8243; _module_preset=&#8221;default&#8221; text_text_color=&#8221;#FFFFFF&#8221; header_text_color=&#8221;#FFFFFF&#8221; custom_margin=&#8221;||20px||false|false&#8221; global_colors_info=&#8221;{}&#8221;]<\/p>\n<p><span>#ZeroEmission<\/span><\/p>\n<p>[\/et_pb_text][et_pb_text _builder_version=&#8221;4.23.1&#8243; _module_preset=&#8221;default&#8221; header_text_color=&#8221;#FFFFFF&#8221; global_colors_info=&#8221;{}&#8221;]<\/p>\n<h1>Durabilit\u00e9<br \/>\n<span>Exp\u00e9dition avec des transports \u00e0 faibles \u00e9missions, des camions \u00e9lectriques et notre propre installation photovolta\u00efque<\/span><\/h1>\n<p>[\/et_pb_text][et_pb_button button_url=&#8221;#first-paragraph&#8221; button_text=&#8221;En savoir plus&#8221; _builder_version=&#8221;4.23&#8243; _module_preset=&#8221;default&#8221; custom_button=&#8221;on&#8221; button_text_color=&#8221;#FFFFFF&#8221; button_border_radius=&#8221;30px&#8221; global_colors_info=&#8221;{}&#8221;][\/et_pb_button][\/et_pb_column][et_pb_column type=&#8221;3_5&#8243; _builder_version=&#8221;4.19.2&#8243; _module_preset=&#8221;default&#8221; global_colors_info=&#8221;{}&#8221;][\/et_pb_column][\/et_pb_row][et_pb_row disabled_on=&#8221;on|on|off&#8221; _builder_version=&#8221;4.19.2&#8243; _module_preset=&#8221;default&#8221; width=&#8221;90%&#8221; max_width=&#8221;2000px&#8221; custom_margin=&#8221;100px|auto|0px|auto|false|false&#8221; custom_padding=&#8221;0px||0px||false|false&#8221; global_colors_info=&#8221;{}&#8221;][et_pb_column type=&#8221;4_4&#8243; _builder_version=&#8221;4.19.2&#8243; _module_preset=&#8221;default&#8221; global_colors_info=&#8221;{}&#8221;][et_pb_code _builder_version=&#8221;4.19.2&#8243; _module_preset=&#8221;default&#8221; min_height=&#8221;50px&#8221; global_colors_info=&#8221;{}&#8221;][\/et_pb_code][\/et_pb_column][\/et_pb_row][\/et_pb_section][et_pb_section fb_built=&#8221;1&#8243; module_id=&#8221;lkw-logistik&#8221; _builder_version=&#8221;4.19.2&#8243; _module_preset=&#8221;default&#8221; global_colors_info=&#8221;{}&#8221;][et_pb_row column_structure=&#8221;2_5,3_5&#8243; module_id=&#8221;first-paragraph&#8221; _builder_version=&#8221;4.23&#8243; _module_preset=&#8221;default&#8221; global_colors_info=&#8221;{}&#8221;][et_pb_column type=&#8221;2_5&#8243; _builder_version=&#8221;4.19.2&#8243; _module_preset=&#8221;default&#8221; custom_css_main_element=&#8221;margin:auto;&#8221; global_colors_info=&#8221;{}&#8221;][et_pb_text _builder_version=&#8221;4.23&#8243; _module_preset=&#8221;default&#8221; global_colors_info=&#8221;{}&#8221;]<\/p>\n<p class=\"pre-heading\">Durabilit\u00e9<\/p>\n<h2>Logistique verte:<br \/>Un changement dans le secteur<\/h2>\n<p>[\/et_pb_text][\/et_pb_column][et_pb_column type=&#8221;3_5&#8243; _builder_version=&#8221;4.19.2&#8243; _module_preset=&#8221;default&#8221; custom_css_main_element=&#8221;margin:auto;&#8221; global_colors_info=&#8221;{}&#8221;][et_pb_text _builder_version=&#8221;4.23.1&#8243; _module_preset=&#8221;default&#8221; global_colors_info=&#8221;{}&#8221;]<span>La logistique verte n&#8217;est pas une tendance \u00e0 la mode, mais une n\u00e9cessit\u00e9 que Klumpp + M\u00fcller a r\u00e9solument prise \u00e0 c\u0153ur. Avec l&#8217;utilisation de bateaux fluviaux \u00e0 faibles \u00e9missions, des moteurs \u00e9lectriques dans nos camions et notre propre installation photovolta\u00efque d&#8217;une puissance impressionnante de 1600 kilowatts, nous \u00e9tablissons de nouveaux standards dans le secteur du transport. Le passage \u00e0 l&#8217;\u00e9clairage LED et l&#8217;optimisation du poids des semi-remorques montrent notre volont\u00e9 de concevoir une logistique durable. Gr\u00e2ce \u00e0 ces mesures, nous avons pu r\u00e9duire consid\u00e9rablement la consommation de diesel. Klumpp + M\u00fcller va de l&#8217;avant, avec le ferme objectif de participer activement au changement dans le secteur de la logistique et de faire du &#8220;z\u00e9ro \u00e9mission&#8221; une r\u00e9alit\u00e9.<\/span>[\/et_pb_text][\/et_pb_column][\/et_pb_row][et_pb_row _builder_version=&#8221;4.23&#8243; _module_preset=&#8221;default&#8221; global_colors_info=&#8221;{}&#8221;][et_pb_column type=&#8221;4_4&#8243; _builder_version=&#8221;4.23&#8243; _module_preset=&#8221;default&#8221; global_colors_info=&#8221;{}&#8221;][et_pb_code _builder_version=&#8221;4.23&#8243; _module_preset=&#8221;default&#8221; background_video_mp4=&#8221;https:\/\/klumpp-19a5a.kxcdn.com\/wp-content\/uploads\/2023\/10\/2023.08.15_-_Klumpp-Mueller-GmbH-Co.-KG_-_Nachhaltigkeitsseite-Video-v1-preview-5mbit-cbr.mp4&#8243; custom_css_main_element=&#8221;aspect-ratio: 21 \/ 9;&#8221; global_colors_info=&#8221;{}&#8221;][\/et_pb_code][\/et_pb_column][\/et_pb_row][\/et_pb_section][et_pb_section fb_built=&#8221;1&#8243; disabled_on=&#8221;off|off|off&#8221; module_id=&#8221;lkw-logistik&#8221; _builder_version=&#8221;4.27.3&#8243; _module_preset=&#8221;default&#8221; locked=&#8221;off&#8221; global_colors_info=&#8221;{}&#8221;][et_pb_row column_structure=&#8221;2_5,3_5&#8243; module_id=&#8221;first-paragraph&#8221; _builder_version=&#8221;4.23&#8243; _module_preset=&#8221;default&#8221; global_colors_info=&#8221;{}&#8221;][et_pb_column type=&#8221;2_5&#8243; _builder_version=&#8221;4.19.2&#8243; _module_preset=&#8221;default&#8221; custom_css_main_element=&#8221;margin:auto;&#8221; global_colors_info=&#8221;{}&#8221;][et_pb_text _builder_version=&#8221;4.27.4&#8243; _module_preset=&#8221;default&#8221; global_colors_info=&#8221;{}&#8221;]<\/p>\n<p class=\"pre-heading\">Avenir<\/p>\n<h2>Rapport de durabilit\u00e9 2024. Volontaire \/ selon la norme VSME.<\/h2>\n<p>[\/et_pb_text][et_pb_button button_url=&#8221;https:\/\/klumpp-19a5a.kxcdn.com\/wp-content\/uploads\/2025\/06\/2024.12.10_-_Klumpp-Mueller-GmbH-Co.-KG_-_Nachhaltigkeitsbericht-2024-Franzoesisch-v1.7.pdf&#8221; url_new_window=&#8221;on&#8221; button_text=&#8221;T\u00e9l\u00e9charger le PDF&#8221; module_class=&#8221;enquiry-btn&#8221; _builder_version=&#8221;4.27.4&#8243; _module_preset=&#8221;default&#8221; custom_button=&#8221;on&#8221; button_text_size=&#8221;15px&#8221; button_text_color=&#8221;#000000&#8243; button_border_width=&#8221;2px&#8221; button_border_radius=&#8221;30px&#8221; button_font=&#8221;|300|||||||&#8221; global_colors_info=&#8221;{}&#8221;][\/et_pb_button][\/et_pb_column][et_pb_column type=&#8221;3_5&#8243; _builder_version=&#8221;4.19.2&#8243; _module_preset=&#8221;default&#8221; custom_css_main_element=&#8221;margin:auto;&#8221; global_colors_info=&#8221;{}&#8221;][et_pb_image src=&#8221;https:\/\/klumpp-19a5a.kxcdn.com\/wp-content\/uploads\/2025\/06\/klumpp-mueller_nachhaltigkeitsstatement-2024-FR.webp&#8221; title_text=&#8221;klumpp-mueller_nachhaltigkeitsstatement-2024-FR&#8221; url=&#8221;https:\/\/klumpp-19a5a.kxcdn.com\/wp-content\/uploads\/2025\/06\/2024.12.10_-_Klumpp-Mueller-GmbH-Co.-KG_-_Nachhaltigkeitsbericht-2024-Franzoesisch-v1.7.pdf&#8221; url_new_window=&#8221;on&#8221; _builder_version=&#8221;4.27.4&#8243; _module_preset=&#8221;default&#8221; hover_enabled=&#8221;0&#8243; global_colors_info=&#8221;{}&#8221; sticky_enabled=&#8221;0&#8243;][\/et_pb_image][\/et_pb_column][\/et_pb_row][\/et_pb_section][et_pb_section fb_built=&#8221;1&#8243; disabled_on=&#8221;off|off|off&#8221; module_id=&#8221;lkw-logistik&#8221; _builder_version=&#8221;4.27.3&#8243; _module_preset=&#8221;default&#8221; locked=&#8221;off&#8221; global_colors_info=&#8221;{}&#8221;][et_pb_row column_structure=&#8221;2_5,3_5&#8243; module_id=&#8221;first-paragraph&#8221; _builder_version=&#8221;4.23&#8243; _module_preset=&#8221;default&#8221; global_colors_info=&#8221;{}&#8221;][et_pb_column type=&#8221;2_5&#8243; _builder_version=&#8221;4.19.2&#8243; _module_preset=&#8221;default&#8221; custom_css_main_element=&#8221;margin:auto;&#8221; global_colors_info=&#8221;{}&#8221;][et_pb_text _builder_version=&#8221;4.27.3&#8243; _module_preset=&#8221;default&#8221; global_colors_info=&#8221;{}&#8221;]<\/p>\n<p class=\"pre-heading\">Avenir<\/p>\n<h2>D\u00e9claration de durabilit\u00e9 2023. Volontaire et orient\u00e9e vers l&#8217;avenir.<\/h2>\n<p>[\/et_pb_text][et_pb_button button_url=&#8221;https:\/\/klumpp-19a5a.kxcdn.com\/wp-content\/uploads\/2025\/03\/2024.12.10_-_Klumpp-Mueller-GmbH-Co.-KG_-_durabilite-2023_web.pdf&#8221; url_new_window=&#8221;on&#8221; button_text=&#8221;T\u00e9l\u00e9charger le PDF&#8221; module_class=&#8221;enquiry-btn&#8221; _builder_version=&#8221;4.27.3&#8243; _module_preset=&#8221;default&#8221; custom_button=&#8221;on&#8221; button_text_size=&#8221;15px&#8221; button_text_color=&#8221;#000000&#8243; button_border_width=&#8221;2px&#8221; button_border_radius=&#8221;30px&#8221; button_font=&#8221;|300|||||||&#8221; global_colors_info=&#8221;{}&#8221;][\/et_pb_button][\/et_pb_column][et_pb_column type=&#8221;3_5&#8243; _builder_version=&#8221;4.19.2&#8243; _module_preset=&#8221;default&#8221; custom_css_main_element=&#8221;margin:auto;&#8221; global_colors_info=&#8221;{}&#8221;][et_pb_image src=&#8221;https:\/\/klumpp-19a5a.kxcdn.com\/wp-content\/uploads\/2025\/01\/klumpp-mueller_declaration_de_durabilite-2023.webp&#8221; title_text=&#8221;klumpp-mueller_declaration_de_durabilite-2023&#8243; url=&#8221;https:\/\/klumpp-19a5a.kxcdn.com\/wp-content\/uploads\/2025\/01\/klumpp_mueller-nachhaltigkeitsstatement-2023_web.pdf&#8221; url_new_window=&#8221;on&#8221; _builder_version=&#8221;4.27.3&#8243; _module_preset=&#8221;default&#8221; global_colors_info=&#8221;{}&#8221;][\/et_pb_image][\/et_pb_column][\/et_pb_row][\/et_pb_section][et_pb_section fb_built=&#8221;1&#8243; _builder_version=&#8221;4.19.2&#8243; _module_preset=&#8221;default&#8221; global_colors_info=&#8221;{}&#8221;][et_pb_row column_structure=&#8221;2_5,3_5&#8243; make_equal=&#8221;on&#8221; _builder_version=&#8221;4.19.2&#8243; _module_preset=&#8221;default&#8221; use_background_color_gradient=&#8221;on&#8221; background_color_gradient_stops=&#8221;#fafafa 0%|#fafafa 100%&#8221; background_image=&#8221;https:\/\/klumpp-19a5a.kxcdn.com\/wp-content\/uploads\/2022\/11\/v5-small-outline-1.svg&#8221; background_size=&#8221;initial&#8221; background_position=&#8221;center_left&#8221; min_height=&#8221;350px&#8221; custom_margin=&#8221;50px|auto|50px|auto||&#8221; custom_padding=&#8221;40px|40px|40px|40px|false|false&#8221; global_colors_info=&#8221;{}&#8221;][et_pb_column type=&#8221;2_5&#8243; _builder_version=&#8221;4.19.2&#8243; _module_preset=&#8221;default&#8221; custom_css_main_element=&#8221;display: flex;||flex-direction: column;||justify-content: space-between;&#8221; global_colors_info=&#8221;{}&#8221;][et_pb_text _builder_version=&#8221;4.23&#8243; _module_preset=&#8221;default&#8221; global_colors_info=&#8221;{}&#8221;]<\/p>\n<p class=\"pre-heading\">Clients<\/p>\n<h2>Votre entreprise <br \/>peut aussi en profiter<\/h2>\n<p>[\/et_pb_text][et_pb_image src=&#8221;https:\/\/klumpp-19a5a.kxcdn.com\/wp-content\/uploads\/\/kopfmedia_klumpp-mueller_zero-emission-badge.svg&#8221; alt=&#8221;Klumpp + M\u00fcller steht f\u00fcr Zero Emission im Frachverkehr&#8221; title_text=&#8221;kopfmedia_klumpp-mueller_zero-emission-badge&#8221; _builder_version=&#8221;4.23.4&#8243; _module_preset=&#8221;default&#8221; global_colors_info=&#8221;{}&#8221;][\/et_pb_image][\/et_pb_column][et_pb_column type=&#8221;3_5&#8243; _builder_version=&#8221;4.19.2&#8243; _module_preset=&#8221;default&#8221; custom_css_main_element=&#8221;display: flex;||flex-direction: column;||justify-content: space-between;&#8221; global_colors_info=&#8221;{}&#8221;][et_pb_text _builder_version=&#8221;4.23.1&#8243; _module_preset=&#8221;default&#8221; global_colors_info=&#8221;{}&#8221;]<\/p>\n<p><span>Avec Klumpp + M\u00fcller, nous misons sur un avenir vert. D\u00e8s l&#8217;ann\u00e9e prochaine, 20% de notre flotte de camions sera \u00e9lectrique, ouvrant ainsi la voie \u00e0 des transports sans \u00e9missions. Cette initiative offre des avantages consid\u00e9rables non seulement pour nous, mais aussi pour vous, nos clients. En passant aux camions \u00e9lectriques, votre bilan climatique s&#8217;am\u00e9liore sensiblement, ce qui non seulement pr\u00e9serve l&#8217;environnement, mais renforce \u00e9galement l&#8217;image positive de votre entreprise. En collaboration avec le transporteur Klumpp + M\u00fcller \u00e0 Kehl, vous pouvez contribuer activement \u00e0 la r\u00e9volution verte dans le domaine de la logistique et profiter en m\u00eame temps de solutions de transport plus efficaces et plus durables.<\/span><\/p>\n<p>[\/et_pb_text][et_pb_button button_url=&#8221;#&#8221; button_text=&#8221;Passer au transport \u00e0 z\u00e9ro \u00e9mission&#8221; module_class=&#8221;enquiry-btn&#8221; _builder_version=&#8221;4.23&#8243; _module_preset=&#8221;default&#8221; custom_button=&#8221;on&#8221; button_text_size=&#8221;15px&#8221; button_text_color=&#8221;#000000&#8243; button_border_width=&#8221;2px&#8221; button_border_radius=&#8221;30px&#8221; button_font=&#8221;|300|||||||&#8221; global_colors_info=&#8221;{}&#8221;][\/et_pb_button][\/et_pb_column][\/et_pb_row][et_pb_row column_structure=&#8221;2_5,3_5&#8243; module_id=&#8221;first-paragraph&#8221; _builder_version=&#8221;4.23&#8243; _module_preset=&#8221;default&#8221; custom_margin=&#8221;100px|auto||auto||&#8221; custom_padding=&#8221;||100px|||&#8221; global_colors_info=&#8221;{}&#8221;][et_pb_column type=&#8221;2_5&#8243; _builder_version=&#8221;4.19.2&#8243; _module_preset=&#8221;default&#8221; custom_css_main_element=&#8221;margin:auto;&#8221; global_colors_info=&#8221;{}&#8221;][et_pb_text _builder_version=&#8221;4.23&#8243; _module_preset=&#8221;default&#8221; global_colors_info=&#8221;{}&#8221;]<\/p>\n<p class=\"pre-heading\">Avantages pour les clients<\/p>\n<h2><span>Focus sur des avantages exclusifs pour nos clients<\/span><\/h2>\n<p>[\/et_pb_text][\/et_pb_column][et_pb_column type=&#8221;3_5&#8243; _builder_version=&#8221;4.19.2&#8243; _module_preset=&#8221;default&#8221; custom_css_main_element=&#8221;margin:auto;&#8221; global_colors_info=&#8221;{}&#8221;][et_pb_code _builder_version=&#8221;4.23&#8243; _module_preset=&#8221;default&#8221; global_colors_info=&#8221;{}&#8221;]<\/p>\n<div class=\"badge-container\"><!-- [et_pb_line_break_holder] --><!-- [et_pb_line_break_holder] --><\/p>\n<div class=\"km-badge\"><!-- [et_pb_line_break_holder] --> <!-- [et_pb_line_break_holder] --> R\u00e9duction des \u00e9missions de CO2 gr\u00e2ce aux camions \u00e9lectriques<!-- [et_pb_line_break_holder] --><\/div>\n<p><!-- [et_pb_line_break_holder] --><!-- [et_pb_line_break_holder] --><!-- [et_pb_line_break_holder] --><\/p>\n<div class=\"km-badge\"><!-- [et_pb_line_break_holder] --> <!-- [et_pb_line_break_holder] --> Am\u00e9liorer votre bilan climatique<!-- [et_pb_line_break_holder] --><\/div>\n<p><!-- [et_pb_line_break_holder] --><!-- [et_pb_line_break_holder] --><!-- [et_pb_line_break_holder] --><\/p>\n<div class=\"km-badge\"><!-- [et_pb_line_break_holder] --> <!-- [et_pb_line_break_holder] --> \u00c9conomies sur les frais de p\u00e9age<!-- [et_pb_line_break_holder] --><\/div>\n<p><!-- [et_pb_line_break_holder] --><!-- [et_pb_line_break_holder] --><!-- [et_pb_line_break_holder] --><\/p>\n<div class=\"km-badge\"><!-- [et_pb_line_break_holder] --> <!-- [et_pb_line_break_holder] --> Logistique trimodale durable<!-- [et_pb_line_break_holder] --><\/div>\n<p><!-- [et_pb_line_break_holder] --><!-- [et_pb_line_break_holder] --><!-- [et_pb_line_break_holder] --><\/p>\n<div class=\"km-badge\"><!-- [et_pb_line_break_holder] --> <!-- [et_pb_line_break_holder] --> Image positive et durable<!-- [et_pb_line_break_holder] --><\/div>\n<p><!-- [et_pb_line_break_holder] --><!-- [et_pb_line_break_holder] --><!-- [et_pb_line_break_holder] --><\/p>\n<div class=\"km-badge\"><!-- [et_pb_line_break_holder] --> <!-- [et_pb_line_break_holder] --> Concepts logistiques sur mesure<!-- [et_pb_line_break_holder] --><\/div>\n<p><!-- [et_pb_line_break_holder] --><!-- [et_pb_line_break_holder] --><!-- [et_pb_line_break_holder] --><\/p>\n<div class=\"km-badge\"><!-- [et_pb_line_break_holder] --> <!-- [et_pb_line_break_holder] --> Un partenariat orient\u00e9 vers l&#8217;avenir<!-- [et_pb_line_break_holder] --><\/div>\n<p><!-- [et_pb_line_break_holder] --><!-- [et_pb_line_break_holder] --><\/div>\n<p><!-- [et_pb_line_break_holder] --><!-- [et_pb_line_break_holder] -->[\/et_pb_code][\/et_pb_column][\/et_pb_row][et_pb_row column_structure=&#8221;1_2,1_2&#8243; make_equal=&#8221;on&#8221; _builder_version=&#8221;4.19.2&#8243; _module_preset=&#8221;default&#8221; use_background_color_gradient=&#8221;on&#8221; background_color_gradient_stops=&#8221;#fafafa 0%|#fafafa 100%&#8221; background_image=&#8221;https:\/\/klumpp-19a5a.kxcdn.com\/wp-content\/uploads\/2022\/11\/v5-small-outline-1.svg&#8221; background_size=&#8221;initial&#8221; background_position=&#8221;center_left&#8221; min_height=&#8221;350px&#8221; custom_margin=&#8221;50px|auto|50px|auto||&#8221; custom_padding=&#8221;40px|40px|40px|40px|false|false&#8221; locked=&#8221;off&#8221; global_colors_info=&#8221;{}&#8221;][et_pb_column type=&#8221;1_2&#8243; _builder_version=&#8221;4.19.2&#8243; _module_preset=&#8221;default&#8221; custom_css_main_element=&#8221;display: flex;||flex-direction: column;||justify-content: space-between;&#8221; global_colors_info=&#8221;{}&#8221;][et_pb_code _builder_version=&#8221;4.27.0&#8243; _module_preset=&#8221;default&#8221; background_image=&#8221;https:\/\/klumpp-19a5a.kxcdn.com\/wp-content\/uploads\/2024\/09\/kopfmedia_klumppmueller_dirk-patzelt_2000px-7495.webp&#8221; background_position=&#8221;top_left&#8221; background_horizontal_offset=&#8221;0%&#8221; background_vertical_offset=&#8221;26%&#8221; width=&#8221;90%&#8221; custom_css_main_element=&#8221;aspect-ratio: 3 \/ 2;&#8221; global_colors_info=&#8221;{}&#8221;][\/et_pb_code][\/et_pb_column][et_pb_column type=&#8221;1_2&#8243; _builder_version=&#8221;4.19.2&#8243; _module_preset=&#8221;default&#8221; custom_css_main_element=&#8221;display: flex;||flex-direction: column;||justify-content: space-between;&#8221; global_colors_info=&#8221;{}&#8221;][et_pb_text _builder_version=&#8221;4.27.0&#8243; _module_preset=&#8221;default&#8221; global_colors_info=&#8221;{}&#8221;]<\/p>\n<p>\u201ePour nous, chez Klumpp + M\u00fcller, la durabilit\u00e9 n&#8217;est pas seulement une tendance, mais une responsabilit\u00e9 centrale. Gr\u00e2ce \u00e0 nos investissements dans des technologies et des processus respectueux de l&#8217;environnement, nous offrons \u00e9galement des avantages clairs \u00e0 nos partenaires commerciaux. Ensemble, nous cr\u00e9ons des solutions durables qui non seulement pr\u00e9servent l&#8217;environnement, mais favorisent \u00e9galement l&#8217;efficacit\u00e9 \u00e9conomique et les partenariats \u00e0 long terme.\u201c<\/p>\n<p>[\/et_pb_text][et_pb_blurb _builder_version=&#8221;4.27.0&#8243; _module_preset=&#8221;default&#8221; global_colors_info=&#8221;{}&#8221;]<span><strong>Dirk Patzelt<\/strong><\/span><\/p>\n<p><span> PDG, Klumpp + M\u00fcller GmbH &amp; Co. KG<\/span>[\/et_pb_blurb][et_pb_image src=&#8221;https:\/\/klumpp-19a5a.kxcdn.com\/wp-content\/uploads\/2023\/10\/klumppmueller_logo-small.svg&#8221; alt=&#8221;Klumpp + M\u00fcller Spedition in Kehl&#8221; title_text=&#8221;klumpp+mueller_logo-small&#8221; _builder_version=&#8221;4.23.1&#8243; _module_preset=&#8221;default&#8221; global_colors_info=&#8221;{}&#8221;][\/et_pb_image][\/et_pb_column][\/et_pb_row][\/et_pb_section][et_pb_section fb_built=&#8221;1&#8243; _builder_version=&#8221;4.23&#8243; _module_preset=&#8221;default&#8221; background_image=&#8221;https:\/\/klumpp-19a5a.kxcdn.com\/wp-content\/uploads\/2023\/10\/kopfmedia_klumpp-mueller_nachhaltigkeit-min-scaled.jpg&#8221; parallax=&#8221;on&#8221; min_height=&#8221;500px&#8221; global_colors_info=&#8221;{}&#8221;][\/et_pb_section][et_pb_section fb_built=&#8221;1&#8243; module_id=&#8221;lkw-logistik&#8221; _builder_version=&#8221;4.23&#8243; _module_preset=&#8221;default&#8221; background_color=&#8221;RGBA(255,255,255,0)&#8221; global_colors_info=&#8221;{}&#8221;][et_pb_row column_structure=&#8221;2_5,3_5&#8243; _builder_version=&#8221;4.23&#8243; _module_preset=&#8221;default&#8221; custom_padding=&#8221;100px|||||&#8221; global_colors_info=&#8221;{}&#8221;][et_pb_column type=&#8221;2_5&#8243; _builder_version=&#8221;4.23&#8243; _module_preset=&#8221;default&#8221; global_colors_info=&#8221;{}&#8221;][et_pb_text _builder_version=&#8221;4.21.0&#8243; _module_preset=&#8221;default&#8221; global_colors_info=&#8221;{}&#8221;]<\/p>\n<p class=\"pre-heading\">Service<\/p>\n<h2>Nouveau Trimodal+<\/h2>\n<p>[\/et_pb_text][et_pb_image src=&#8221;https:\/\/klumpp-19a5a.kxcdn.com\/wp-content\/uploads\/\/kopfmedia-klumpp-mueller-trimodal-badge-1.svg&#8221; alt=&#8221;Klumpp + M\u00fcller ist eine Trimodale Spedition&#8221; title_text=&#8221;kopfmedia-klumpp-mueller-trimodal-badge&#8221; _builder_version=&#8221;4.23.4&#8243; _module_preset=&#8221;default&#8221; global_colors_info=&#8221;{}&#8221;][\/et_pb_image][\/et_pb_column][et_pb_column type=&#8221;3_5&#8243; _builder_version=&#8221;4.23&#8243; _module_preset=&#8221;default&#8221; global_colors_info=&#8221;{}&#8221;][et_pb_text _builder_version=&#8221;4.23&#8243; _module_preset=&#8221;default&#8221; global_colors_info=&#8221;{}&#8221;]<\/p>\n<p><span>Les comp\u00e9tences logistiques trimodales de Klumpp + M\u00fcller garantissent un transport sans faille de vos marchandises par la route, le rail et l&#8217;eau. Cette approche permet de cr\u00e9er une cha\u00eene de transport efficace et flexible, parfaitement adapt\u00e9e aux exigences du transport \u00e0 longue distance et du transport local. Avec Trimodal+, nous allons encore plus loin en combinant intelligemment les avantages des diff\u00e9rents modes de transport afin de minimiser l&#8217;impact environnemental tout en maximisant l&#8217;efficacit\u00e9 du transport. \u00c0 une \u00e9poque o\u00f9 les pratiques commerciales durables sont au premier plan, notre strat\u00e9gie logistique trimodale offre un avantage concurrentiel d\u00e9cisif.<\/span><\/p>\n<p>[\/et_pb_text][\/et_pb_column][\/et_pb_row][et_pb_row _builder_version=&#8221;4.23&#8243; _module_preset=&#8221;default&#8221; locked=&#8221;off&#8221; global_colors_info=&#8221;{}&#8221;][et_pb_column type=&#8221;4_4&#8243; _builder_version=&#8221;4.23&#8243; _module_preset=&#8221;default&#8221; global_colors_info=&#8221;{}&#8221;][et_pb_code _builder_version=&#8221;4.23&#8243; _module_preset=&#8221;default&#8221; background_video_mp4=&#8221;https:\/\/klumpp-19a5a.kxcdn.com\/wp-content\/uploads\/2023\/10\/klumpp-mueller_binnenschiff-transport-video-v1_1.mp4&#8243; custom_css_main_element=&#8221;aspect-ratio: 21\/ 9;&#8221; global_colors_info=&#8221;{}&#8221;][\/et_pb_code][\/et_pb_column][\/et_pb_row][\/et_pb_section][et_pb_section fb_built=&#8221;1&#8243; module_id=&#8221;lkw-logistik&#8221; _builder_version=&#8221;4.19.2&#8243; _module_preset=&#8221;default&#8221; global_colors_info=&#8221;{}&#8221;][et_pb_row column_structure=&#8221;2_5,3_5&#8243; module_id=&#8221;first-paragraph&#8221; _builder_version=&#8221;4.23&#8243; _module_preset=&#8221;default&#8221; global_colors_info=&#8221;{}&#8221;][et_pb_column type=&#8221;2_5&#8243; _builder_version=&#8221;4.19.2&#8243; _module_preset=&#8221;default&#8221; custom_css_main_element=&#8221;margin:auto;&#8221; global_colors_info=&#8221;{}&#8221;][et_pb_text _builder_version=&#8221;4.23&#8243; _module_preset=&#8221;default&#8221; global_colors_info=&#8221;{}&#8221;]<\/p>\n<p class=\"pre-heading\">#ZeroEmission<\/p>\n<h2><span>Vers une cha\u00eene d&#8217;approvisionnement neutre en CO2 avec des camions \u00e9lectriques<\/span><\/h2>\n<p>[\/et_pb_text][\/et_pb_column][et_pb_column type=&#8221;3_5&#8243; _builder_version=&#8221;4.19.2&#8243; _module_preset=&#8221;default&#8221; custom_css_main_element=&#8221;margin:auto;&#8221; global_colors_info=&#8221;{}&#8221;][et_pb_text _builder_version=&#8221;4.23.1&#8243; _module_preset=&#8221;default&#8221; global_colors_info=&#8221;{}&#8221;]<\/p>\n<p><span>Klumpp + M\u00fcller s&#8217;engage avec passion pour des solutions de transport durables. Gr\u00e2ce \u00e0 notre expertise logistique trimodale, nous transportons efficacement vos marchandises par la route, le rail et l&#8217;eau. Il convient de souligner en particulier notre utilisation de camions \u00e9lectriques pour le transport local, qui nous permet non seulement de r\u00e9aliser des \u00e9conomies significatives de CO2, mais aussi de r\u00e9duire consid\u00e9rablement nos co\u00fbts de p\u00e9age. Concr\u00e8tement, nous avons atteint une r\u00e9duction annuelle impressionnante de 68 060 kg de CO2 sur les liaisons de Kehl \u00e0 Gernsbach, B\u00fchl et Oberkirch. Pour Klumpp + M\u00fcller \u00e0 Kehl, l&#8217;objectif principal est de r\u00e9duire continuellement l&#8217;empreinte carbone en vous proposant des solutions logistiques efficaces, \u00e9conomiques et respectueuses de l&#8217;environnement.<\/span><\/p>\n<p>[\/et_pb_text][\/et_pb_column][\/et_pb_row][et_pb_row column_structure=&#8221;1_2,1_2&#8243; make_equal=&#8221;on&#8221; _builder_version=&#8221;4.19.2&#8243; _module_preset=&#8221;default&#8221; use_background_color_gradient=&#8221;on&#8221; background_color_gradient_stops=&#8221;#fafafa 0%|#fafafa 100%&#8221; background_image=&#8221;https:\/\/klumpp-19a5a.kxcdn.com\/wp-content\/uploads\/2022\/11\/v5-small-outline-1.svg&#8221; background_size=&#8221;initial&#8221; background_position=&#8221;center_left&#8221; min_height=&#8221;350px&#8221; custom_margin=&#8221;50px|auto|50px|auto||&#8221; custom_padding=&#8221;40px|40px|40px|40px|false|false&#8221; locked=&#8221;off&#8221; global_colors_info=&#8221;{}&#8221;][et_pb_column type=&#8221;1_2&#8243; _builder_version=&#8221;4.19.2&#8243; _module_preset=&#8221;default&#8221; custom_css_main_element=&#8221;display: flex;||flex-direction: column;||justify-content: space-between;&#8221; global_colors_info=&#8221;{}&#8221;][et_pb_code _builder_version=&#8221;4.23&#8243; _module_preset=&#8221;default&#8221; background_image=&#8221;https:\/\/klumpp-19a5a.kxcdn.com\/wp-content\/uploads\/2023\/10\/klumpp_mueller-alexander-muenscher-geschaeftsfuehrer-1.jpg&#8221; background_position=&#8221;top_left&#8221; background_horizontal_offset=&#8221;0%&#8221; background_vertical_offset=&#8221;26%&#8221; width=&#8221;90%&#8221; custom_css_main_element=&#8221;aspect-ratio: 3 \/ 2;&#8221; global_colors_info=&#8221;{}&#8221;][\/et_pb_code][\/et_pb_column][et_pb_column type=&#8221;1_2&#8243; _builder_version=&#8221;4.19.2&#8243; _module_preset=&#8221;default&#8221; custom_css_main_element=&#8221;display: flex;||flex-direction: column;||justify-content: space-between;&#8221; global_colors_info=&#8221;{}&#8221;][et_pb_text _builder_version=&#8221;4.27.0&#8243; _module_preset=&#8221;default&#8221; global_colors_info=&#8221;{}&#8221;]<\/p>\n<p>&#8220;Il y a deux ans, nous avions d\u00e9j\u00e0 vu la direction que prenait la logistique. Entre-temps, onze v\u00e9hicules \u00e9lectriques sont utilis\u00e9s chez nous &#8211; le compl\u00e9ment parfait de notre logistique trimodale. Nous avons commenc\u00e9 il y a des ann\u00e9es d\u00e9j\u00e0 \u00e0 mettre en place ce qui est aujourd&#8217;hui d\u00e9cr\u00e9t\u00e9 politiquement. Parce qu&#8217;il n&#8217;y a tout simplement pas d&#8217;excuse pour ne pas le faire&#8221;.<\/p>\n<p>[\/et_pb_text][et_pb_blurb _builder_version=&#8221;4.27.0&#8243; _module_preset=&#8221;default&#8221; global_colors_info=&#8221;{}&#8221;]<\/p>\n<p><span><strong>Alexander M\u00fcnscher<\/strong><br \/>Klumpp + M\u00fcller GmbH &amp; Co. KG<\/span><\/p>\n<p>[\/et_pb_blurb][et_pb_image src=&#8221;https:\/\/klumpp-19a5a.kxcdn.com\/wp-content\/uploads\/\/klumppmueller_logo-small.svg&#8221; alt=&#8221;Klumpp + M\u00fcller Transport \u00e0 Kehl&#8221; title_text=&#8221;klumpp+mueller_logo-small&#8221; _builder_version=&#8221;4.23.1&#8243; _module_preset=&#8221;default&#8221; global_colors_info=&#8221;{}&#8221;][\/et_pb_image][\/et_pb_column][\/et_pb_row][\/et_pb_section][et_pb_section fb_built=&#8221;1&#8243; _builder_version=&#8221;4.23&#8243; _module_preset=&#8221;default&#8221; background_video_mp4=&#8221;https:\/\/klumpp-19a5a.kxcdn.com\/wp-content\/uploads\/2023\/10\/kopfmedia_klumppmueller_ecta-film_best-rollingsshots-21-9_1-3mbit-cbr-1.mp4&#8243; global_colors_info=&#8221;{}&#8221;][et_pb_row make_equal=&#8221;on&#8221; _builder_version=&#8221;4.23&#8243; _module_preset=&#8221;default&#8221; max_width=&#8221;1600px&#8221; min_height=&#8221;768px&#8221; global_colors_info=&#8221;{}&#8221;][et_pb_column type=&#8221;4_4&#8243; _builder_version=&#8221;4.23&#8243; _module_preset=&#8221;default&#8221; custom_css_main_element=&#8221;margin: auto;&#8221; global_colors_info=&#8221;{}&#8221;][et_pb_text _builder_version=&#8221;4.23&#8243; _module_preset=&#8221;default&#8221; global_colors_info=&#8221;{}&#8221;]<\/p>\n<p class=\"pre-heading\" style=\"color: white;\">NOUVEAU<\/p>\n<h2 style=\"color: white;\">Augmentation des p\u00e9ages jusqu&#8217;\u00e0 83%.<br \/>Nous avons la solution !<\/h2>\n<p>[\/et_pb_text][et_pb_button button_url=&#8221;https:\/\/www.klumpp.com\/fr\/augmentation-des-peages-jusqua-83-nous-avons-la-solution\/&#8221; button_text=&#8221;En savoir plus&#8221; _builder_version=&#8221;4.23&#8243; _module_preset=&#8221;default&#8221; custom_button=&#8221;on&#8221; button_text_size=&#8221;15px&#8221; button_text_color=&#8221;#FFFFFF&#8221; button_border_width=&#8221;2px&#8221; button_border_radius=&#8221;30px&#8221; button_font=&#8221;|300|||||||&#8221; background_layout=&#8221;dark&#8221; global_colors_info=&#8221;{}&#8221;][\/et_pb_button][\/et_pb_column][\/et_pb_row][\/et_pb_section][et_pb_section fb_built=&#8221;1&#8243; _builder_version=&#8221;4.19.2&#8243; _module_preset=&#8221;default&#8221; global_colors_info=&#8221;{}&#8221;][et_pb_row column_structure=&#8221;1_2,1_2&#8243; _builder_version=&#8221;4.19.2&#8243; _module_preset=&#8221;default&#8221; custom_padding=&#8221;100px|||||&#8221; global_colors_info=&#8221;{}&#8221;][et_pb_column type=&#8221;1_2&#8243; _builder_version=&#8221;4.19.2&#8243; _module_preset=&#8221;default&#8221; global_colors_info=&#8221;{}&#8221;][et_pb_text _builder_version=&#8221;4.23&#8243; _module_preset=&#8221;default&#8221; global_colors_info=&#8221;{}&#8221;]<\/p>\n<p class=\"pre-heading\">Mise en \u0153uvre<\/p>\n<h2>Nachhaltigkeit<br \/>bei Klumpp + M\u00fcller<\/h2>\n<p>[\/et_pb_text][et_pb_code _builder_version=&#8221;4.23&#8243; _module_preset=&#8221;default&#8221; global_colors_info=&#8221;{}&#8221;]<\/p>\n<div class=\"badge-container\"><!-- [et_pb_line_break_holder] --><!-- [et_pb_line_break_holder] --><\/p>\n<div class=\"km-badge\"><!-- [et_pb_line_break_holder] --> <!-- [et_pb_line_break_holder] --> Installation PV d&#8217;une puissance de 1600 kWp<!-- [et_pb_line_break_holder] --><\/div>\n<p><!-- [et_pb_line_break_holder] --><!-- [et_pb_line_break_holder] --><!-- [et_pb_line_break_holder] --><\/p>\n<div class=\"km-badge\"><!-- [et_pb_line_break_holder] --> <!-- [et_pb_line_break_holder] --> 20% d&#8217;\u00e9conomie d&#8217;\u00e9lectricit\u00e9 gr\u00e2ce au passage \u00e0 l&#8217;\u00e9clairage LED<!-- [et_pb_line_break_holder] --><\/div>\n<p><!-- [et_pb_line_break_holder] --><!-- [et_pb_line_break_holder] --><!-- [et_pb_line_break_holder] --><\/p>\n<div class=\"km-badge\"><!-- [et_pb_line_break_holder] --> <!-- [et_pb_line_break_holder] --> 2x camion \u00e9lectrique avec charge utile de 12 t<!-- [et_pb_line_break_holder] --><\/div>\n<p><!-- [et_pb_line_break_holder] --><!-- [et_pb_line_break_holder] --><!-- [et_pb_line_break_holder] --><\/p>\n<div class=\"km-badge\"><!-- [et_pb_line_break_holder] --> <!-- [et_pb_line_break_holder] --> Syst\u00e8mes de stockage efficaces<!-- [et_pb_line_break_holder] --><\/div>\n<p><!-- [et_pb_line_break_holder] --><!-- [et_pb_line_break_holder] --><!-- [et_pb_line_break_holder] --><\/p>\n<div class=\"km-badge\"><!-- [et_pb_line_break_holder] --> <!-- [et_pb_line_break_holder] --> Prise de courant de recharge au port<!-- [et_pb_line_break_holder] --><\/div>\n<p><!-- [et_pb_line_break_holder] --><!-- [et_pb_line_break_holder] --><!-- [et_pb_line_break_holder] --><\/p>\n<div class=\"km-badge\"><!-- [et_pb_line_break_holder] --> <!-- [et_pb_line_break_holder] --> Nouveau terminal<!-- [et_pb_line_break_holder] --><\/div>\n<p><!-- [et_pb_line_break_holder] --><!-- [et_pb_line_break_holder] --><!-- [et_pb_line_break_holder] --><\/p>\n<div class=\"km-badge\"><!-- [et_pb_line_break_holder] --> <!-- [et_pb_line_break_holder] --> Transports de silos par camion de Rotterdam &#8211; Kehl<!-- [et_pb_line_break_holder] --><\/div>\n<p><!-- [et_pb_line_break_holder] --><!-- [et_pb_line_break_holder] --><!-- [et_pb_line_break_holder] --><\/p>\n<div class=\"km-badge\"><!-- [et_pb_line_break_holder] --> <!-- [et_pb_line_break_holder] --> NOUVEAU : Transfert des transports vers le train \/ bateau + dernier kilom\u00e8tre par camion \u00e9lectrique<!-- [et_pb_line_break_holder] --><\/div>\n<p><!-- [et_pb_line_break_holder] --><!-- [et_pb_line_break_holder] --><!-- [et_pb_line_break_holder] --><\/p>\n<div class=\"km-badge\"><!-- [et_pb_line_break_holder] --> <!-- [et_pb_line_break_holder] --> \u00e0 partir de 10\/2023 : 2x camions \u00e9lectriques pour le transport de conteneurs de et vers le terminal de Kehl<!-- [et_pb_line_break_holder] --><\/div>\n<p><!-- [et_pb_line_break_holder] --><!-- [et_pb_line_break_holder] --><\/div>\n<p><!-- [et_pb_line_break_holder] --><!-- [et_pb_line_break_holder] -->[\/et_pb_code][\/et_pb_column][et_pb_column type=&#8221;1_2&#8243; _builder_version=&#8221;4.19.2&#8243; _module_preset=&#8221;default&#8221; global_colors_info=&#8221;{}&#8221;][et_pb_text _builder_version=&#8221;4.23&#8243; _module_preset=&#8221;default&#8221; global_colors_info=&#8221;{}&#8221;]<\/p>\n<p class=\"pre-heading\">Objectifs \u00e0 venir<\/p>\n<h2>Nos<br \/>objectifs de d\u00e9veloppement durable<\/h2>\n<p>[\/et_pb_text][et_pb_code _builder_version=&#8221;4.23&#8243; _module_preset=&#8221;default&#8221; global_colors_info=&#8221;{}&#8221;]<\/p>\n<div class=\"badge-container\"><!-- [et_pb_line_break_holder] --><!-- [et_pb_line_break_holder] --><\/p>\n<div class=\"km-badge\"><!-- [et_pb_line_break_holder] --> <!-- [et_pb_line_break_holder] --> Extension de l&#8217;installation PV \u00e0 2500 kilowatts<!-- [et_pb_line_break_holder] --><\/div>\n<p><!-- [et_pb_line_break_holder] --><!-- [et_pb_line_break_holder] --><!-- [et_pb_line_break_holder] --><\/p>\n<div class=\"km-badge\"><!-- [et_pb_line_break_holder] --> <!-- [et_pb_line_break_holder] --> \u00e0 partir de 10\/2023 : 2x camions \u00e9lectriques pour le transport de conteneurs de et vers le terminal de Kehl<!-- [et_pb_line_break_holder] --><\/div>\n<p><!-- [et_pb_line_break_holder] --><!-- [et_pb_line_break_holder] --><!-- [et_pb_line_break_holder] --><\/p>\n<div class=\"km-badge\"><!-- [et_pb_line_break_holder] --> <!-- [et_pb_line_break_holder] --> \u00e0 partir du T4\/2023 : Mise en service de l&#8217;installation de transvasement de marchandises en vrac dans la Hafenstr.<!-- [et_pb_line_break_holder] --><\/div>\n<p><!-- [et_pb_line_break_holder] --><!-- [et_pb_line_break_holder] --><!-- [et_pb_line_break_holder] --><\/p>\n<div class=\"km-badge\"><!-- [et_pb_line_break_holder] --> <!-- [et_pb_line_break_holder] --> faire en sorte que 20% du parc automobile soit neutre en termes de CO2 ou fonctionne avec des moteurs et des carburants alternatifs<!-- [et_pb_line_break_holder] --><\/div>\n<p><!-- [et_pb_line_break_holder] --><!-- [et_pb_line_break_holder] --><!-- [et_pb_line_break_holder] --><\/p>\n<div class=\"km-badge\"><!-- [et_pb_line_break_holder] --> <!-- [et_pb_line_break_holder] --> Carburants HVO (huile v\u00e9g\u00e9tale hydrog\u00e9n\u00e9e) pour chariots \u00e9l\u00e9vateurs et autres engins \u00e0 plancher bas<!-- [et_pb_line_break_holder] --><\/div>\n<p><!-- [et_pb_line_break_holder] --><!-- [et_pb_line_break_holder] --><!-- [et_pb_line_break_holder] --><\/p>\n<div class=\"km-badge\"><!-- [et_pb_line_break_holder] --> <!-- [et_pb_line_break_holder] --> Utilisation de camions\/chariots de manutention fonctionnant \u00e0 l&#8217;hydrog\u00e8ne d\u00e8s que l&#8217;infrastructure est disponible<!-- [et_pb_line_break_holder] --><\/div>\n<p><!-- [et_pb_line_break_holder] --><!-- [et_pb_line_break_holder] --><!-- [et_pb_line_break_holder] --><\/p>\n<div class=\"km-badge\"><!-- [et_pb_line_break_holder] --> <!-- [et_pb_line_break_holder] --> L&#8217;\u00e9nergie \u00e9olienne au service de la production d&#8217;hydrog\u00e8ne &#8220;vert<!-- [et_pb_line_break_holder] --><\/div>\n<p><!-- [et_pb_line_break_holder] --><!-- [et_pb_line_break_holder] --><\/div>\n<p><!-- [et_pb_line_break_holder] --><!-- [et_pb_line_break_holder] -->[\/et_pb_code][\/et_pb_column][\/et_pb_row][et_pb_row column_structure=&#8221;1_3,1_3,1_3&#8243; _builder_version=&#8221;4.22.1&#8243; _module_preset=&#8221;default&#8221; global_colors_info=&#8221;{}&#8221;][et_pb_column type=&#8221;1_3&#8243; _builder_version=&#8221;4.22.1&#8243; _module_preset=&#8221;default&#8221; global_colors_info=&#8221;{}&#8221;][et_pb_code module_class=&#8221;aspect-1-1&#8243; _builder_version=&#8221;4.23&#8243; _module_preset=&#8221;default&#8221; background_image=&#8221;https:\/\/klumpp-19a5a.kxcdn.com\/wp-content\/uploads\/2023\/08\/kopfmedia_klumppmueller_pv_2000px-34-min-682&#215;1024.webp&#8221; height=&#8221;450px&#8221; global_colors_info=&#8221;{}&#8221;][\/et_pb_code][\/et_pb_column][et_pb_column type=&#8221;1_3&#8243; _builder_version=&#8221;4.22.1&#8243; _module_preset=&#8221;default&#8221; global_colors_info=&#8221;{}&#8221;][et_pb_code module_class=&#8221;aspect-1-1&#8243; _builder_version=&#8221;4.23&#8243; _module_preset=&#8221;default&#8221; background_image=&#8221;https:\/\/klumpp-19a5a.kxcdn.com\/wp-content\/uploads\/2023\/10\/kopfmedia_klumppmueller_e-lkw-uebergabe_2000px-2-683&#215;1024.jpg&#8221; height=&#8221;450px&#8221; global_colors_info=&#8221;{}&#8221;][\/et_pb_code][\/et_pb_column][et_pb_column type=&#8221;1_3&#8243; _builder_version=&#8221;4.22.1&#8243; _module_preset=&#8221;default&#8221; global_colors_info=&#8221;{}&#8221;][et_pb_code module_class=&#8221;aspect-1-1&#8243; _builder_version=&#8221;4.23&#8243; _module_preset=&#8221;default&#8221; background_image=&#8221;https:\/\/klumpp-19a5a.kxcdn.com\/wp-content\/uploads\/2023\/08\/kopfmedia_klumppmueller_pv_2000px-9-min-1024&#215;767.webp&#8221; height=&#8221;450px&#8221; global_colors_info=&#8221;{}&#8221;][\/et_pb_code][\/et_pb_column][\/et_pb_row][\/et_pb_section][et_pb_section fb_built=&#8221;1&#8243; _builder_version=&#8221;4.23.1&#8243; _module_preset=&#8221;default&#8221; background_image=&#8221;https:\/\/klumpp-19a5a.kxcdn.com\/wp-content\/uploads\/2023\/12\/schwarzwald-fabian_mueller-photography.jpg&#8221; parallax=&#8221;on&#8221; global_colors_info=&#8221;{}&#8221;][et_pb_row column_structure=&#8221;1_2,1_2&#8243; make_equal=&#8221;on&#8221; _builder_version=&#8221;4.23.1&#8243; _module_preset=&#8221;default&#8221; min_height=&#8221;700px&#8221; custom_css_main_element=&#8221;align-items: center;&#8221; global_colors_info=&#8221;{}&#8221;][et_pb_column type=&#8221;1_2&#8243; _builder_version=&#8221;4.23.1&#8243; _module_preset=&#8221;default&#8221; global_colors_info=&#8221;{}&#8221;][et_pb_text _builder_version=&#8221;4.23.1&#8243; _module_preset=&#8221;default&#8221; text_text_color=&#8221;#FFFFFF&#8221; header_2_text_color=&#8221;#FFFFFF&#8221; global_colors_info=&#8221;{}&#8221;]<\/p>\n<p class=\"pre-heading\" style=\"color: white;\">Votre transporteur local : Proche. Durable et respectueux de l&#8217;environnement. Fiable.<\/p>\n<h2 style=\"color: white;\">Klumpp + M\u00fcller \u00e0 Kehl : votre expert en transport pour des solutions de transport durables<\/h2>\n<p>[\/et_pb_text][et_pb_text _builder_version=&#8221;4.23.1&#8243; _module_preset=&#8221;default&#8221; text_text_color=&#8221;#FFFFFF&#8221; global_colors_info=&#8221;{}&#8221;]<\/p>\n<p><span>En tant qu&#8217;entreprise de transport leader sur le site de Kehl, Klumpp + M\u00fcller propose des solutions de transport innovantes. Notre plaque tournante trimodale dans le port de Kehl relie la route, le rail et les voies navigables pour un transport de marchandises efficace et souligne notre comp\u00e9tence dans le secteur de l&#8217;exp\u00e9dition. Nous servons les entreprises locales de l&#8217;Ortenau et des districts voisins en mettant l&#8217;accent sur la durabilit\u00e9 et l&#8217;efficacit\u00e9.<\/span><\/p>\n<p>[\/et_pb_text][\/et_pb_column][et_pb_column type=&#8221;1_2&#8243; _builder_version=&#8221;4.23.1&#8243; _module_preset=&#8221;default&#8221; global_colors_info=&#8221;{}&#8221;][et_pb_code _builder_version=&#8221;4.23.1&#8243; _module_preset=&#8221;default&#8221; custom_margin=&#8221;||||false|false&#8221; custom_padding=&#8221;||||false|false&#8221; custom_css_main_element=&#8221;.km-badge {||  border: 1px solid white;||  background-color: transparent;||  color: white;||}||||.km-badge span {||  color: white;||}||||||.km-badge .icon-check {||  color: white;||}||&#8221; custom_css_free_form=&#8221;.km-badge {||  margin-top: 5px; ||  margin-right: 5px; ||}||&#8221; global_colors_info=&#8221;{}&#8221;]<\/p>\n<div class=\"badge-container\"><!-- [et_pb_line_break_holder] --><!-- [et_pb_line_break_holder] --><\/p>\n<div class=\"km-badge\"><!-- [et_pb_line_break_holder] --> <!-- [et_pb_line_break_holder] --> Kehl<!-- [et_pb_line_break_holder] --><\/div>\n<p><!-- [et_pb_line_break_holder] --><!-- [et_pb_line_break_holder] --><!-- [et_pb_line_break_holder] --><\/p>\n<div class=\"km-badge\"><!-- [et_pb_line_break_holder] --> <!-- [et_pb_line_break_holder] --> Offenburg<!-- [et_pb_line_break_holder] --><\/div>\n<p><!-- [et_pb_line_break_holder] --><!-- [et_pb_line_break_holder] --><!-- [et_pb_line_break_holder] --><\/p>\n<div class=\"km-badge\"><!-- [et_pb_line_break_holder] --> <!-- [et_pb_line_break_holder] --> Achern<!-- [et_pb_line_break_holder] --><\/div>\n<p><!-- [et_pb_line_break_holder] --><!-- [et_pb_line_break_holder] --><!-- [et_pb_line_break_holder] --><\/p>\n<div class=\"km-badge\"><!-- [et_pb_line_break_holder] --> <!-- [et_pb_line_break_holder] --> Oberkirch<!-- [et_pb_line_break_holder] --><\/div>\n<p><!-- [et_pb_line_break_holder] --><!-- [et_pb_line_break_holder] --><!-- [et_pb_line_break_holder] --><\/p>\n<div class=\"km-badge\"><!-- [et_pb_line_break_holder] --> <!-- [et_pb_line_break_holder] --> Durbach<!-- [et_pb_line_break_holder] --><\/div>\n<p><!-- [et_pb_line_break_holder] --><!-- [et_pb_line_break_holder] --><!-- [et_pb_line_break_holder] --><\/p>\n<div class=\"km-badge\"><!-- [et_pb_line_break_holder] --> <!-- [et_pb_line_break_holder] --> Lahr<!-- [et_pb_line_break_holder] --><\/div>\n<p><!-- [et_pb_line_break_holder] --><!-- [et_pb_line_break_holder] --><!-- [et_pb_line_break_holder] --><\/p>\n<div class=\"km-badge\"><!-- [et_pb_line_break_holder] --> <!-- [et_pb_line_break_holder] --> Rheinau<!-- [et_pb_line_break_holder] --><\/div>\n<p><!-- [et_pb_line_break_holder] --><!-- [et_pb_line_break_holder] --><!-- [et_pb_line_break_holder] --><\/p>\n<div class=\"km-badge\"><!-- [et_pb_line_break_holder] --> <!-- [et_pb_line_break_holder] --> Rheinau<!-- [et_pb_line_break_holder] --><\/div>\n<p><!-- [et_pb_line_break_holder] --><!-- [et_pb_line_break_holder] --><!-- [et_pb_line_break_holder] --><\/p>\n<div class=\"km-badge\"><!-- [et_pb_line_break_holder] --> <!-- [et_pb_line_break_holder] --> Baden Baden<!-- [et_pb_line_break_holder] --><\/div>\n<p><!-- [et_pb_line_break_holder] --><!-- [et_pb_line_break_holder] --><!-- [et_pb_line_break_holder] --><\/p>\n<div class=\"km-badge\"><!-- [et_pb_line_break_holder] --> <!-- [et_pb_line_break_holder] --> Oppenau<!-- [et_pb_line_break_holder] --><\/div>\n<p><!-- [et_pb_line_break_holder] --><!-- [et_pb_line_break_holder] --><!-- [et_pb_line_break_holder] --><\/p>\n<div class=\"km-badge\"><!-- [et_pb_line_break_holder] --> <!-- [et_pb_line_break_holder] --> Freudenstadt<!-- [et_pb_line_break_holder] --><\/div>\n<p><!-- [et_pb_line_break_holder] --><!-- [et_pb_line_break_holder] --><!-- [et_pb_line_break_holder] --><\/p>\n<div class=\"km-badge\"><!-- [et_pb_line_break_holder] --> <!-- [et_pb_line_break_holder] --> B\u00fchl<!-- [et_pb_line_break_holder] --><\/div>\n<p><!-- [et_pb_line_break_holder] --><!-- [et_pb_line_break_holder] --><!-- [et_pb_line_break_holder] --><\/p>\n<div class=\"km-badge\"><!-- [et_pb_line_break_holder] --> <!-- [et_pb_line_break_holder] --> Gaggenau<!-- [et_pb_line_break_holder] --><\/div>\n<p><!-- [et_pb_line_break_holder] --><!-- [et_pb_line_break_holder] --><!-- [et_pb_line_break_holder] --><\/p>\n<div class=\"km-badge\"><!-- [et_pb_line_break_holder] --> <!-- [et_pb_line_break_holder] --> Gernsbach<!-- [et_pb_line_break_holder] --><\/div>\n<p><!-- [et_pb_line_break_holder] --><!-- [et_pb_line_break_holder] --><!-- [et_pb_line_break_holder] --><\/p>\n<div class=\"km-badge\"><!-- [et_pb_line_break_holder] --> <!-- [et_pb_line_break_holder] --> Karlsruhe<!-- [et_pb_line_break_holder] --><\/div>\n<p><!-- [et_pb_line_break_holder] --><!-- [et_pb_line_break_holder] --><!-- [et_pb_line_break_holder] --><\/p>\n<div class=\"km-badge\"><!-- [et_pb_line_break_holder] --> <!-- [et_pb_line_break_holder] --> et bien d&#8217;autres encore&#8230;<!-- [et_pb_line_break_holder] --><\/div>\n<p><!-- [et_pb_line_break_holder] --><!-- [et_pb_line_break_holder] --><\/div>\n<p><!-- [et_pb_line_break_holder] --><!-- [et_pb_line_break_holder] -->[\/et_pb_code][\/et_pb_column][\/et_pb_row][\/et_pb_section][et_pb_section fb_built=&#8221;1&#8243; _builder_version=&#8221;4.23&#8243; _module_preset=&#8221;default&#8221; global_colors_info=&#8221;{}&#8221;][et_pb_row column_structure=&#8221;1_3,2_3&#8243; module_id=&#8221;first-paragraph&#8221; _builder_version=&#8221;4.23&#8243; _module_preset=&#8221;default&#8221; global_colors_info=&#8221;{}&#8221;][et_pb_column type=&#8221;1_3&#8243; _builder_version=&#8221;4.19.2&#8243; _module_preset=&#8221;default&#8221; custom_css_main_element=&#8221;margin:auto;&#8221; global_colors_info=&#8221;{}&#8221;][et_pb_text _builder_version=&#8221;4.23&#8243; _module_preset=&#8221;default&#8221; global_colors_info=&#8221;{}&#8221;]<\/p>\n<p class=\"pre-heading\">Responsabilit\u00e9 pour la r\u00e9gion<\/p>\n<h2>Durabilit\u00e9 pour nos collaborateurs et la r\u00e9gion<\/h2>\n<p>[\/et_pb_text][\/et_pb_column][et_pb_column type=&#8221;2_3&#8243; _builder_version=&#8221;4.19.2&#8243; _module_preset=&#8221;default&#8221; custom_css_main_element=&#8221;margin:auto;&#8221; global_colors_info=&#8221;{}&#8221;][et_pb_text _builder_version=&#8221;4.23&#8243; _module_preset=&#8221;default&#8221; global_colors_info=&#8221;{}&#8221;]<\/p>\n<p><span>Pour Klumpp + M\u00fcller, la durabilit\u00e9 n&#8217;est pas seulement un engagement de l&#8217;entreprise, mais aussi une promesse faite \u00e0 nos collaborateurs et \u00e0 la r\u00e9gion. Nous nous engageons en faveur d&#8217;une logistique verte, non seulement pour r\u00e9duire notre empreinte \u00e9cologique, mais aussi pour soutenir les communaut\u00e9s locales. En fournissant des environnements de travail s\u00fbrs et respectueux de l&#8217;environnement, en promouvant la sant\u00e9 et la formation, et en nous engageant dans des initiatives environnementales locales, nous nous effor\u00e7ons d&#8217;apporter un changement positif. Nos mesures de durabilit\u00e9 refl\u00e8tent notre responsabilit\u00e9 envers les personnes et les lieux qui sont au c\u0153ur de notre succ\u00e8s.<\/span><\/p>\n<p>[\/et_pb_text][\/et_pb_column][\/et_pb_row][et_pb_row column_structure=&#8221;1_3,1_3,1_3&#8243; _builder_version=&#8221;4.22.1&#8243; _module_preset=&#8221;default&#8221; global_colors_info=&#8221;{}&#8221;][et_pb_column type=&#8221;1_3&#8243; _builder_version=&#8221;4.22.1&#8243; _module_preset=&#8221;default&#8221; global_colors_info=&#8221;{}&#8221;][et_pb_code _builder_version=&#8221;4.23&#8243; _module_preset=&#8221;default&#8221; background_image=&#8221;https:\/\/klumpp-19a5a.kxcdn.com\/wp-content\/uploads\/2023\/10\/kopfmedia_klumpp-mueller_mitarbeiter.jpg&#8221; height=&#8221;450px&#8221; global_colors_info=&#8221;{}&#8221;][\/et_pb_code][\/et_pb_column][et_pb_column type=&#8221;1_3&#8243; _builder_version=&#8221;4.22.1&#8243; _module_preset=&#8221;default&#8221; global_colors_info=&#8221;{}&#8221;][et_pb_code _builder_version=&#8221;4.23&#8243; _module_preset=&#8221;default&#8221; background_image=&#8221;https:\/\/klumpp-19a5a.kxcdn.com\/wp-content\/uploads\/2023\/10\/kopfmedia_klumpp-mueller_region.jpg&#8221; height=&#8221;450px&#8221; global_colors_info=&#8221;{}&#8221;][\/et_pb_code][\/et_pb_column][et_pb_column type=&#8221;1_3&#8243; _builder_version=&#8221;4.22.1&#8243; _module_preset=&#8221;default&#8221; global_colors_info=&#8221;{}&#8221;][et_pb_code _builder_version=&#8221;4.23&#8243; _module_preset=&#8221;default&#8221; background_image=&#8221;https:\/\/klumpp-19a5a.kxcdn.com\/wp-content\/uploads\/2023\/10\/kopfmedia_klumpp-mueller_gemeinschaft.jpg&#8221; height=&#8221;450px&#8221; global_colors_info=&#8221;{}&#8221;][\/et_pb_code][\/et_pb_column][\/et_pb_row][et_pb_row column_structure=&#8221;1_3,2_3&#8243; make_equal=&#8221;on&#8221; _builder_version=&#8221;4.19.2&#8243; _module_preset=&#8221;default&#8221; use_background_color_gradient=&#8221;on&#8221; background_color_gradient_stops=&#8221;#fafafa 0%|#fafafa 100%&#8221; background_image=&#8221;https:\/\/klumpp-19a5a.kxcdn.com\/wp-content\/uploads\/2022\/11\/v5-small-outline-1.svg&#8221; background_size=&#8221;initial&#8221; background_position=&#8221;center_left&#8221; min_height=&#8221;350px&#8221; custom_margin=&#8221;50px|auto|50px|auto||&#8221; custom_padding=&#8221;40px|40px|40px|40px|false|false&#8221; global_colors_info=&#8221;{}&#8221;][et_pb_column type=&#8221;1_3&#8243; _builder_version=&#8221;4.19.2&#8243; _module_preset=&#8221;default&#8221; custom_css_main_element=&#8221;display: flex;||flex-direction: column;||justify-content: space-between;&#8221; global_colors_info=&#8221;{}&#8221;][et_pb_text _builder_version=&#8221;4.23&#8243; _module_preset=&#8221;default&#8221; global_colors_info=&#8221;{}&#8221;]<\/p>\n<p class=\"pre-heading\">R\u00e9gion &#038;amp ; \u00c9conomie<\/p>\n<h2>L&#8217;union fait la force #PourLaR\u00e9gion<\/h2>\n<p>[\/et_pb_text][et_pb_image src=&#8221;https:\/\/klumpp-19a5a.kxcdn.com\/wp-content\/uploads\/\/kopfmedia_klumpp-mueller_zero-emission-badge.svg&#8221; alt=&#8221;Klumpp + M\u00fcller steht f\u00fcr Zero Emission im Frachverkehr&#8221; title_text=&#8221;kopfmedia_klumpp-mueller_zero-emission-badge&#8221; _builder_version=&#8221;4.23.4&#8243; _module_preset=&#8221;default&#8221; global_colors_info=&#8221;{}&#8221;][\/et_pb_image][\/et_pb_column][et_pb_column type=&#8221;2_3&#8243; _builder_version=&#8221;4.19.2&#8243; _module_preset=&#8221;default&#8221; custom_css_main_element=&#8221;display: flex;||flex-direction: column;||justify-content: space-between;&#8221; global_colors_info=&#8221;{}&#8221;][et_pb_text _builder_version=&#8221;4.23&#8243; _module_preset=&#8221;default&#8221; global_colors_info=&#8221;{}&#8221;]<\/p>\n<p><span>Engagez-vous avec Klumpp + M\u00fcller pour la r\u00e9gion. En choisissant des solutions de transport durables, vous contribuez non seulement \u00e0 la protection de l&#8217;environnement, mais vous encouragez \u00e9galement l&#8217;\u00e9conomie locale. Nos camions \u00e9lectriques et notre logistique trimodale donnent le ton pour un commerce responsable et montrent comment, ensemble, nous pouvons avoir un impact positif sur notre communaut\u00e9. #PourLaR\u00e9gion symbolise notre engagement en faveur d&#8217;un environnement local vert et prosp\u00e8re. Participez vous aussi et faites la diff\u00e9rence.<\/span><\/p>\n<p>[\/et_pb_text][et_pb_button button_url=&#8221;#&#8221; button_text=&#8221;Passer au transport \u00e0 z\u00e9ro \u00e9mission&#8221; module_class=&#8221;enquiry-btn&#8221; _builder_version=&#8221;4.23&#8243; _module_preset=&#8221;default&#8221; custom_button=&#8221;on&#8221; button_text_size=&#8221;15px&#8221; button_text_color=&#8221;#000000&#8243; button_border_width=&#8221;2px&#8221; button_border_radius=&#8221;30px&#8221; button_font=&#8221;|300|||||||&#8221; global_colors_info=&#8221;{}&#8221;][\/et_pb_button][\/et_pb_column][\/et_pb_row][\/et_pb_section]<\/p>\n","protected":false},"excerpt":{"rendered":"<p>#ZeroEmissionDurabilit\u00e9 Exp\u00e9dition avec des transports \u00e0 faibles \u00e9missions, des camions \u00e9lectriques et notre propre installation photovolta\u00efqueDurabilit\u00e9 Logistique verte:Un changement dans le secteurLa logistique verte n&#8217;est pas une tendance \u00e0 la mode, mais une n\u00e9cessit\u00e9 que Klumpp + M\u00fcller a r\u00e9solument prise \u00e0 c\u0153ur. Avec l&#8217;utilisation de bateaux fluviaux \u00e0 faibles \u00e9missions, des moteurs \u00e9lectriques dans [&hellip;]<\/p>\n","protected":false},"author":1,"featured_media":6695,"parent":0,"menu_order":0,"comment_status":"closed","ping_status":"closed","template":"","meta":{"_acf_changed":false,"_et_pb_use_builder":"on","_et_pb_old_content":"","_et_gb_content_width":"","inline_featured_image":false,"footnotes":""},"categories":[],"tags":[],"service_type":[],"class_list":["post-6881","page","type-page","status-publish","has-post-thumbnail","hentry"],"acf":[],"tag_names":[],"category_names":[],"thumbnail":"https:\/\/klumpp-19a5a.kxcdn.com\/wp-content\/uploads\/2023\/12\/kopfmedia_klumppmueller_pv_2000px-15.webp","_links":{"self":[{"href":"https:\/\/www.klumpp.com\/fr\/wp-json\/wp\/v2\/pages\/6881","targetHints":{"allow":["GET"]}}],"collection":[{"href":"https:\/\/www.klumpp.com\/fr\/wp-json\/wp\/v2\/pages"}],"about":[{"href":"https:\/\/www.klumpp.com\/fr\/wp-json\/wp\/v2\/types\/page"}],"author":[{"embeddable":true,"href":"https:\/\/www.klumpp.com\/fr\/wp-json\/wp\/v2\/users\/1"}],"replies":[{"embeddable":true,"href":"https:\/\/www.klumpp.com\/fr\/wp-json\/wp\/v2\/comments?post=6881"}],"version-history":[{"count":32,"href":"https:\/\/www.klumpp.com\/fr\/wp-json\/wp\/v2\/pages\/6881\/revisions"}],"predecessor-version":[{"id":9385,"href":"https:\/\/www.klumpp.com\/fr\/wp-json\/wp\/v2\/pages\/6881\/revisions\/9385"}],"wp:featuredmedia":[{"embeddable":true,"href":"https:\/\/www.klumpp.com\/fr\/wp-json\/wp\/v2\/media\/6695"}],"wp:attachment":[{"href":"https:\/\/www.klumpp.com\/fr\/wp-json\/wp\/v2\/media?parent=6881"}],"wp:term":[{"taxonomy":"category","embeddable":true,"href":"https:\/\/www.klumpp.com\/fr\/wp-json\/wp\/v2\/categories?post=6881"},{"taxonomy":"post_tag","embeddable":true,"href":"https:\/\/www.klumpp.com\/fr\/wp-json\/wp\/v2\/tags?post=6881"},{"taxonomy":"service_type","embeddable":true,"href":"https:\/\/www.klumpp.com\/fr\/wp-json\/wp\/v2\/service_type?post=6881"}],"curies":[{"name":"wp","href":"https:\/\/api.w.org\/{rel}","templated":true}]}}